{"id":3138,"date":"2019-02-10T11:26:12","date_gmt":"2019-02-10T10:26:12","guid":{"rendered":"http:\/\/www.evajarosova.cz\/?page_id=3138"},"modified":"2019-02-10T12:02:29","modified_gmt":"2019-02-10T11:02:29","slug":"gdpr","status":"publish","type":"page","link":"https:\/\/www.evajarosova.cz\/index.php\/gdpr\/","title":{"rendered":"GDPR"},"content":{"rendered":"<p><strong>GDPR &#8211; OBECN\u00c9 NA\u0158\u00cdZEN\u00cd O OCHRAN\u011a OSOBN\u00cdCH \u00daDAJ\u016e<\/strong><\/p>\n<p><strong><br \/>\nZ\u00e1kon \u010d. 101\/2000 Sb., o ochran\u011b osobn\u00edch \u00fadaj\u016f a o zm\u011bn\u011b n\u011bkter\u00fdch z\u00e1kon\u016f, ve zn\u011bn\u00ed pozd\u011bj\u0161\u00edch p\u0159edpis\u016f<\/strong><\/p>\n<h4><strong style=\"font-size: 0.95em;\">EVA JARO\u0160OV\u00c1<\/strong><\/h4>\n<p>I\u010c: 75052768<\/p>\n<p>&nbsp;<\/p>\n<p>\u00da\u010dinnost od 25.5.2018<\/p>\n<ol>\n<li><a name=\"_Toc189820818\"><\/a><a name=\"_Toc8495699\"><\/a> \u00davod<\/li>\n<li>\u00davodn\u00ed ustanoven\u00ed<\/li>\n<\/ol>\n<p>Tato sm\u011brnice upravuje pravidla a postup zam\u011bstnanc\u016f spole\u010dnosti\u00a0 <strong>Eva Jaro\u0161ov\u00e1<\/strong> (d\u00e1le jen \u201eSpole\u010dnost\u201c) a dal\u0161\u00edch pov\u011b\u0159en\u00fdch osob p\u0159i nakl\u00e1d\u00e1n\u00ed, zpracov\u00e1n\u00ed a ochran\u011b osobn\u00edch \u00fadaj\u016f zpracov\u00e1van\u00fdch v podm\u00ednk\u00e1ch provozu Spole\u010dnosti podle z\u00e1kona \u010d. 101\/2000 Sb., o ochran\u011b osobn\u00edch \u00fadaj\u016f a o zm\u011bn\u011b n\u011bkter\u00fdch z\u00e1kon\u016f, ve zn\u011bn\u00ed pozd\u011bj\u0161\u00edch p\u0159edpis\u016f (d\u00e1le jen \u201ez\u00e1kon o \u00a0ochran\u011b osobn\u00edch \u00fadaj\u016f\u201c) a ve smyslu zn\u011bn\u00ed na\u0159\u00edzen\u00ed EP a Rady EU 2016\/679 ze dne 27\/4\/2016 o ochran\u011b fyzick\u00fdch osob v souvislosti se zpracov\u00e1n\u00edm osobn\u00edch \u00fadaj\u016f (d\u00e1le jen GDPR).<\/p>\n<ol>\n<li>Z\u00e1sady ochrany<a name=\"_Toc189820821\"><\/a><\/li>\n<\/ol>\n<p>Z\u00e1sady ochrany osobn\u00edch \u00fadaj\u016f se vztahuj\u00ed jak na osobn\u00ed \u00fadaje z\u00e1kazn\u00edk\u016f (resp. potencion\u00e1ln\u00edch z\u00e1kazn\u00edk\u016f) Spole\u010dnosti, tak i na osobn\u00ed \u00fadaje zam\u011bstnanc\u016f Spole\u010dnosti, zpracov\u00e1van\u00e9 zam\u011bstnanci a osobami, kter\u00e9 osobn\u00ed \u00fadaje zpracov\u00e1vaj\u00ed na z\u00e1klad\u011b smlouvy uzav\u0159en\u00e9 mezi nimi a Spole\u010dnost\u00ed (d\u00e1le jen \u201epov\u011b\u0159en\u00e9 osoby\u201c).<\/p>\n<ol start=\"2\">\n<li>Pojmy<\/li>\n<\/ol>\n<p>&#8211; Osobn\u00edm \u00fadajem se rozum\u00ed jak\u00e1koliv informace t\u00fdkaj\u00edc\u00ed se ur\u010den\u00e9ho nebo ur\u010diteln\u00e9ho subjektu \u00fadaj\u016f. Subjekt \u00fadaj\u016f se pova\u017euje za ur\u010den\u00fd nebo ur\u010diteln\u00fd, jestli\u017ee lze subjekt \u00fadaj\u016f p\u0159\u00edmo \u010di nep\u0159\u00edmo identifikovat zejm\u00e9na na z\u00e1klad\u011b \u010d\u00edsla, k\u00f3du nebo jednoho \u010di v\u00edce prvk\u016f, specifick\u00fdch pro jeho fyzickou, fyziologickou, psychickou, ekonomickou, kulturn\u00ed nebo soci\u00e1ln\u00ed identitu.<\/p>\n<p>&#8211; Subjektem \u00fadaj\u016f se rozum\u00ed fyzick\u00e1 osoba, k n\u00ed\u017e se osobn\u00ed \u00fadaje vztahuj\u00ed.<\/p>\n<p>&#8211; Zpracov\u00e1n\u00edm osobn\u00edch \u00fadaj\u016f se rozum\u00ed jak\u00e1koliv operace nebo soustava operac\u00ed, kter\u00e9 spr\u00e1vce nebo zpracovatel systematicky prov\u00e1d\u011bj\u00ed s osobn\u00edmi \u00fadaji, a to automatizovan\u011b nebo jin\u00fdmi prost\u0159edky. Zpracov\u00e1n\u00edm osobn\u00edch \u00fadaj\u016f se rozum\u00ed zejm\u00e9na shroma\u017e\u010fov\u00e1n\u00ed, ukl\u00e1d\u00e1n\u00ed na nosi\u010de informac\u00ed, zp\u0159\u00edstup\u0148ov\u00e1n\u00ed, \u00faprava nebo pozm\u011b\u0148ov\u00e1n\u00ed, vyhled\u00e1v\u00e1n\u00ed, pou\u017e\u00edv\u00e1n\u00ed, p\u0159ed\u00e1v\u00e1n\u00ed, \u0161\u00ed\u0159en\u00ed, zve\u0159ej\u0148ov\u00e1n\u00ed, uchov\u00e1v\u00e1n\u00ed, v\u00fdm\u011bna, t\u0159\u00edd\u011bn\u00ed nebo kombinov\u00e1n\u00ed, blokov\u00e1n\u00ed a likvidace.<\/p>\n<p>&#8211; Shroma\u017e\u010fov\u00e1n\u00edm osobn\u00edch \u00fadaj\u016f se rozum\u00ed systematick\u00fd postup nebo soubor postup\u016f, jeho\u017e c\u00edlem je z\u00edsk\u00e1n\u00ed osobn\u00edch \u00fadaj\u016f za \u00fa\u010delem jejich dal\u0161\u00edho ulo\u017een\u00ed na nosi\u010d informac\u00ed pro jejich okam\u017eit\u00e9 nebo pozd\u011bj\u0161\u00ed zpracov\u00e1n\u00ed.<\/p>\n<p>&#8211; Uchov\u00e1v\u00e1n\u00edm osobn\u00edch \u00fadaj\u016f se rozum\u00ed udr\u017eov\u00e1n\u00ed \u00fadaj\u016f v takov\u00e9 podob\u011b, kter\u00e1 je umo\u017e\u0148uje d\u00e1le zpracov\u00e1vat.<\/p>\n<p>&#8211; Zam\u011bstnancem Spole\u010dnosti se rozum\u00ed osoba v pracovn\u00edm pom\u011bru ke Spole\u010dnosti nebo pro Spole\u010dnost pracuj\u00edc\u00ed na z\u00e1klad\u011b dohody o prac\u00edch konan\u00fdch mimo pracovn\u00ed pom\u011br.<\/p>\n<p>&#8211; Pov\u011b\u0159enou osobou se rozum\u00ed osoba, kter\u00e1 nen\u00ed zam\u011bstnancem Spole\u010dnosti a je opr\u00e1vn\u011bna zpracov\u00e1vat osobn\u00ed \u00fadaje, p\u0159i\u010dem\u017e pov\u011b\u0159enou osobou je jednatel spole\u010dnosti a osoby, kter\u00e9 na z\u00e1klad\u011b smluv se Spole\u010dnost\u00ed zpracov\u00e1vaj\u00ed osobn\u00ed \u00fadaje.<\/p>\n<p>&nbsp;<\/p>\n<ol start=\"3\">\n<li>Zabezpe\u010den\u00ed osobn\u00edch \u00fadaj\u016f<\/li>\n<li><a name=\"_Toc189820827\"><\/a><a name=\"_Toc181080467\"><\/a> P\u00edsemnosti a digit\u00e1ln\u00ed z\u00e1znamov\u00e9 nosi\u010de, kter\u00e9 obsahuj\u00ed osobn\u00ed \u00fadaje, mus\u00ed b\u00fdt zabezpe\u010deny v uzamykateln\u00fdch sk\u0159\u00ed\u0148k\u00e1ch \u010di sk\u0159\u00edn\u00edch, ev. trezorech v prostor\u00e1ch Spole\u010dnosti, pop\u0159\u00edpad\u011b na jin\u00fdch m\u00edstech, kde lze zajistit jejich ochranu. Uvedenou povinnost\u00ed jsou pov\u011b\u0159eni zam\u011bstnanci Spole\u010dnosti a pov\u011b\u0159en\u00e9 osoby.<\/li>\n<li>Osobn\u00ed \u00fadaje ulo\u017een\u00e9 v osobn\u00edch po\u010d\u00edta\u010d\u00edch mus\u00ed b\u00fdt zabezpe\u010deny p\u0159ed voln\u00fdm p\u0159\u00edstupem neopr\u00e1vn\u011bn\u00fdch osob, p\u0159ed zm\u011bnou, zni\u010den\u00edm, ztr\u00e1tou, neopr\u00e1vn\u011bn\u00fdm zpracov\u00e1n\u00edm \u010di jin\u00fdm zneu\u017eit\u00edm osobn\u00edch \u00fadaj\u016f.<\/li>\n<li>Zam\u011bstnanci Spole\u010dnosti, jako\u017eto i pov\u011b\u0159en\u00e9 osoby, jsou povinni zachov\u00e1vat ml\u010denlivost o osobn\u00edch \u00fadaj\u00edch a o bezpe\u010dnostn\u00edch opat\u0159en\u00edch, jejich\u017e zve\u0159ejn\u011bn\u00ed by ohrozilo zabezpe\u010den\u00ed osobn\u00edch \u00fadaj\u016f. Tato povinnost trv\u00e1 i po skon\u010den\u00ed pracovn\u00edho pom\u011bru, vztahu zalo\u017een\u00e9ho dohodami o prac\u00edch konan\u00fdch mimo pracovn\u00ed pom\u011br \u010di jin\u00fdch smluv, na nich\u017e je zalo\u017eena spolupr\u00e1ce pov\u011b\u0159en\u00fdch osob a Spole\u010dnosti.<\/li>\n<li>Povinnosti zam\u011bstnanc\u016f a pov\u011b\u0159en\u00fdch osob p\u0159i zpracov\u00e1v\u00e1n\u00ed osobn\u00edch \u00fadaj\u016f<\/li>\n<li>Zam\u011bstnanci jsou povinni:<\/li>\n<\/ol>\n<ul>\n<li>nakl\u00e1dat s\u00a0osobn\u00edmi \u00fadaji pouze za \u00fa\u010delem pln\u011bn\u00ed pracovn\u00edch povinnost\u00ed a v\u00a0souladu s\u00a0povinnostmi stanoven\u00fdmi z\u00e1konem, touto sm\u011brnic\u00ed a pokyny Spole\u010dnosti jako\u017eto zam\u011bstnavatele;<\/li>\n<li>chr\u00e1nit osobn\u00ed \u00fadaje p\u0159ed ztr\u00e1tou, zni\u010den\u00edm neopr\u00e1vn\u011bn\u00fdm zpracov\u00e1n\u00edm \u010di jin\u00fdm zneu\u017eit\u00edm;<\/li>\n<li>nakl\u00e1dat s\u00a0osobn\u00edmi \u00fadaji v\u00fdlu\u010dn\u011b k\u00a0pln\u011bn\u00ed sv\u00fdch povinnost\u00ed a k\u00a0napln\u011bn\u00ed \u00fa\u010delu jejich zpracov\u00e1n\u00ed;<\/li>\n<li>sd\u011blovat Spole\u010dnosti informace o v\u0161ech skute\u010dnostech, kter\u00e9 mohou m\u00edt vliv na zabezpe\u010den\u00ed a aktu\u00e1lnost zpracov\u00e1van\u00fdch osobn\u00edch \u00fadaj\u016f.<\/li>\n<\/ul>\n<ol start=\"2\">\n<li>Pokud zam\u011bstnanec poru\u0161\u00ed n\u011bkterou z\u00a0povinnost\u00ed uvedenou v\u00a0tomto bod\u011b, odpov\u00edd\u00e1 zam\u011bstnavateli za \u0161kodu dle \u00a7 250 z\u00e1kona \u010d. 262\/2006 Sb., z\u00e1kon\u00edk pr\u00e1ce, v\u00a0platn\u00e9m zn\u011bn\u00ed (d\u00e1le jen \u201ez\u00e1kon\u00edk pr\u00e1ce\u201c).<\/li>\n<li>Pov\u011b\u0159en\u00e9 osoby jsou povinny:<\/li>\n<\/ol>\n<ul>\n<li>nakl\u00e1dat s\u00a0osobn\u00edmi \u00fadaji pouze za \u00fa\u010delem povinnost\u00ed vypl\u00fdvaj\u00edc\u00edch ze smluvn\u00edho vztahu se Spole\u010dnost\u00ed a v\u00a0souladu s\u00a0povinnostmi stanoven\u00fdmi z\u00e1konem, touto sm\u011brnic\u00ed a pokyny Spole\u010dnosti;<\/li>\n<li>chr\u00e1nit osobn\u00ed \u00fadaje p\u0159ed ztr\u00e1tou, zni\u010den\u00edm neopr\u00e1vn\u011bn\u00fdm zpracov\u00e1n\u00edm \u010di jin\u00fdm zneu\u017eit\u00edm;<\/li>\n<li>nakl\u00e1dat s\u00a0osobn\u00edmi \u00fadaji v\u00fdlu\u010dn\u011b k\u00a0pln\u011bn\u00ed sv\u00fdch povinnost\u00ed a k\u00a0napln\u011bn\u00ed \u00fa\u010delu jejich zpracov\u00e1n\u00ed,<\/li>\n<li>sd\u011blovat Spole\u010dnosti informace o v\u0161ech skute\u010dnostech, kter\u00e9 mohou m\u00edt vliv na zabezpe\u010den\u00ed a aktu\u00e1lnost zpracov\u00e1van\u00fdch osobn\u00edch \u00fadaj\u016f.<\/li>\n<\/ul>\n<ol start=\"4\">\n<li>V\u00a0p\u0159\u00edpad\u011b poru\u0161en\u00ed n\u011bkter\u00e9 z\u00a0t\u011bchto povinnost\u00ed odpov\u00edd\u00e1 pov\u011b\u0159en\u00e1 osoba Spole\u010dnosti za \u00fajmu t\u00edm vzniklou.<\/li>\n<li>Je-li pov\u011b\u0159enou osobou osoba, kter\u00e1 p\u0159i pln\u011bn\u00ed \u00fakol\u016f pro Spole\u010dnost nebo p\u0159i poskytov\u00e1n\u00ed slu\u017eeb pro Spole\u010dnost, vyu\u017e\u00edv\u00e1 t\u0159et\u00edch osob, je povinna ve\u0161ker\u00fdmi povinnostmi vypl\u00fdvaj\u00edc\u00edmi z\u00a0t\u00e9to sm\u011brnice zav\u00e1zat tyto t\u0159et\u00ed osoby a zav\u00e1zat je k\u00a0ochran\u011b osobn\u00edch \u00fadaj\u016f. V\u00a0opa\u010dn\u00e9m p\u0159\u00edpad\u011b odpov\u00edd\u00e1 za ve\u0161kerou \u00fajmu vzniklou poru\u0161en\u00edm t\u00e9to povinnosti.<\/li>\n<\/ol>\n<p>&nbsp;<\/p>\n<ol start=\"5\">\n<li>Kontrola dodr\u017eov\u00e1n\u00ed povinnost\u00ed vypl\u00fdvaj\u00edc\u00edch z t\u00e9to sm\u011brnice<\/li>\n<li>Vedouc\u00ed zam\u011bstnanci jsou povinni zajistit kontrolu pln\u011bn\u00ed povinnost\u00ed vypl\u00fdvaj\u00edc\u00edch z ustanoven\u00ed t\u00e9to sm\u011brnice.<\/li>\n<\/ol>\n<p>Poru\u0161en\u00ed povinnost\u00ed zam\u011bstnanc\u016f vypl\u00fdvaj\u00edc\u00edch z t\u00e9to sm\u011brnice se pova\u017euje za z\u00e1va\u017en\u00e9 poru\u0161en\u00ed povinnost\u00ed vypl\u00fdvaj\u00edc\u00edch z pr\u00e1vn\u00edch p\u0159edpis\u016f vztahuj\u00edc\u00edch se k zam\u011bstnancem vykon\u00e1van\u00e9 pr\u00e1ci a m\u016f\u017ee b\u00fdt d\u016fvodem k v\u00fdpov\u011bdi z pracovn\u00edho pom\u011bru dle \u00a7 52 p\u00edsm. g) z\u00e1kon\u00edku pr\u00e1ce.<\/p>\n","protected":false},"excerpt":{"rendered":"<p>GDPR &#8211; OBECN\u00c9 NA\u0158\u00cdZEN\u00cd O OCHRAN\u011a OSOBN\u00cdCH \u00daDAJ\u016e Z\u00e1kon \u010d. 101\/2000 Sb., o ochran\u011b osobn\u00edch \u00fadaj\u016f a o zm\u011bn\u011b n\u011bkter\u00fdch z\u00e1kon\u016f, ve zn\u011bn\u00ed pozd\u011bj\u0161\u00edch p\u0159edpis\u016f [&#8230;]<\/p>\n","protected":false},"author":1,"featured_media":0,"parent":0,"menu_order":0,"comment_status":"closed","ping_status":"closed","template":"","meta":{"footnotes":""},"_links":{"self":[{"href":"https:\/\/www.evajarosova.cz\/index.php\/wp-json\/wp\/v2\/pages\/3138"}],"collection":[{"href":"https:\/\/www.evajarosova.cz\/index.php\/wp-json\/wp\/v2\/pages"}],"about":[{"href":"https:\/\/www.evajarosova.cz\/index.php\/wp-json\/wp\/v2\/types\/page"}],"author":[{"embeddable":true,"href":"https:\/\/www.evajarosova.cz\/index.php\/wp-json\/wp\/v2\/users\/1"}],"replies":[{"embeddable":true,"href":"https:\/\/www.evajarosova.cz\/index.php\/wp-json\/wp\/v2\/comments?post=3138"}],"version-history":[{"count":8,"href":"https:\/\/www.evajarosova.cz\/index.php\/wp-json\/wp\/v2\/pages\/3138\/revisions"}],"predecessor-version":[{"id":3150,"href":"https:\/\/www.evajarosova.cz\/index.php\/wp-json\/wp\/v2\/pages\/3138\/revisions\/3150"}],"wp:attachment":[{"href":"https:\/\/www.evajarosova.cz\/index.php\/wp-json\/wp\/v2\/media?parent=3138"}],"curies":[{"name":"wp","href":"https:\/\/api.w.org\/{rel}","templated":true}]}}